{"id":183,"date":"2018-04-27T15:00:55","date_gmt":"2018-04-27T14:00:55","guid":{"rendered":"http:\/\/www.ff-goetzendorf.com\/?page_id=183"},"modified":"2018-04-27T15:00:55","modified_gmt":"2018-04-27T14:00:55","slug":"chronik","status":"publish","type":"page","link":"http:\/\/www.ff-goetzendorf.com\/index.php\/about\/chronik\/","title":{"rendered":"Chronik"},"content":{"rendered":"<h2>CHRONIK &#8211; Feuerwehr G\u00f6tzendorf<br \/>\n1887 bis 1960<\/h2>\n<p align=\"left\">1887<\/p>\n<p>Laut Grundbuch wurde bereits im Jahr 1861 in der N\u00e4he des Anwesens\u00a0Schweiger in G\u00f6tzendorf das 1. R\u00fcsthaus errichtet sowie der\u00a0Anbau des Schlauchturmes im Jahr 1922. Es gibt bis zum Jahr 1887 keine\u00a0weiteren schriftlichen Aufzeichnungen. Nach dem noch vorhandenen Originalbrief\u00a0vom 22. Juli 1887 wurde eine Landfahrspritze f\u00fcr Pferdebespannung\u00a0angekauft.<br \/>\nVon 1887 bis 1915 f\u00fchrte Josef Berr vlg. Moar den L\u00f6schzug\u00a0G\u00f6tzendorf<\/p>\n<p align=\"left\">1907<br \/>\nWirtschaftsgeb\u00e4udebrand bei Neuper vlg. Schmalz<\/p>\n<p align=\"left\">1919<br \/>\nVon 1919 bis 1929 f\u00fchrte Thomas Vogl vlg. Jaga den L\u00f6schzug<br \/>\nG\u00f6tzendorf.<\/p>\n<p><img decoding=\"async\" loading=\"lazy\" class=\"alignnone size-medium wp-image-140\" src=\"http:\/\/www.ff-goetzendorf.com\/wp-content\/uploads\/2018\/04\/Thomas-Vogl-224x300.jpg\" alt=\"\" width=\"224\" height=\"300\" srcset=\"http:\/\/www.ff-goetzendorf.com\/wp-content\/uploads\/2018\/04\/Thomas-Vogl-224x300.jpg 224w, http:\/\/www.ff-goetzendorf.com\/wp-content\/uploads\/2018\/04\/Thomas-Vogl.jpg 293w\" sizes=\"(max-width: 224px) 100vw, 224px\" \/><br \/>\nThomas<br \/>\nVogl vlg. Jaga<\/p>\n<p align=\"left\">1925<br \/>\nBrand des Kohlstadels (Pichler) samt Holzkohlenlager in Katzling. Im\u00a0Bild der intakte Kohlstadel.<\/p>\n<p align=\"left\"><img decoding=\"async\" loading=\"lazy\" class=\"alignnone size-medium wp-image-139\" src=\"http:\/\/www.ff-goetzendorf.com\/wp-content\/uploads\/2018\/04\/Pichler-300x196.jpg\" alt=\"\" width=\"300\" height=\"196\" srcset=\"http:\/\/www.ff-goetzendorf.com\/wp-content\/uploads\/2018\/04\/Pichler-300x196.jpg 300w, http:\/\/www.ff-goetzendorf.com\/wp-content\/uploads\/2018\/04\/Pichler.jpg 332w\" sizes=\"(max-width: 300px) 100vw, 300px\" \/><\/p>\n<p align=\"left\">1926<br \/>\nWirtschaftsgeb\u00e4udebrand bei vlg. G\u00f6tzenbrugger in G\u00f6tzendorf.<\/p>\n<p align=\"left\">1928<br \/>\nDer aus 6 Mann bestehende L\u00f6schzug G\u00f6tzendorf.<\/p>\n<p><img decoding=\"async\" loading=\"lazy\" class=\"alignnone size-medium wp-image-141\" src=\"http:\/\/www.ff-goetzendorf.com\/wp-content\/uploads\/2018\/04\/1928LZGoetzendorf-226x300.jpg\" alt=\"\" width=\"226\" height=\"300\" srcset=\"http:\/\/www.ff-goetzendorf.com\/wp-content\/uploads\/2018\/04\/1928LZGoetzendorf-226x300.jpg 226w, http:\/\/www.ff-goetzendorf.com\/wp-content\/uploads\/2018\/04\/1928LZGoetzendorf.jpg 294w\" sizes=\"(max-width: 226px) 100vw, 226px\" \/><br \/>\nThomas Vogl, Karl Berr, Michael Berr, Anton Lerchbacher, Franz G\u00f6tzenbrugger ung Johann Schaffer<\/p>\n<p align=\"left\">1930<\/p>\n<p><img decoding=\"async\" loading=\"lazy\" class=\"alignnone size-medium wp-image-133\" src=\"http:\/\/www.ff-goetzendorf.com\/wp-content\/uploads\/2018\/04\/1930LZGoetzendorf-300x208.jpg\" alt=\"\" width=\"300\" height=\"208\" srcset=\"http:\/\/www.ff-goetzendorf.com\/wp-content\/uploads\/2018\/04\/1930LZGoetzendorf-300x208.jpg 300w, http:\/\/www.ff-goetzendorf.com\/wp-content\/uploads\/2018\/04\/1930LZGoetzendorf.jpg 347w\" sizes=\"(max-width: 300px) 100vw, 300px\" \/><br \/>\nVon 1930 bis 1945 f\u00fchrte Karl Berr vlg. Zicker den aus 10 Mann\u00a0bestehenden L\u00f6schzug G\u00f6tzendorf<\/p>\n<p>1931<br \/>\nNebengeb\u00e4udebrand (Schweinestall) bei Vasold vlg. Knoll in Winden.\u00a0Der knapp angrenzende Getreidekasten konnte durch Bespritzen mit Jauche\u00a0gerettet werden.<\/p>\n<p><img decoding=\"async\" loading=\"lazy\" class=\"alignnone size-medium wp-image-134\" src=\"http:\/\/www.ff-goetzendorf.com\/wp-content\/uploads\/2018\/04\/1931Vasold-300x208.jpg\" alt=\"\" width=\"300\" height=\"208\" srcset=\"http:\/\/www.ff-goetzendorf.com\/wp-content\/uploads\/2018\/04\/1931Vasold-300x208.jpg 300w, http:\/\/www.ff-goetzendorf.com\/wp-content\/uploads\/2018\/04\/1931Vasold.jpg 347w\" sizes=\"(max-width: 300px) 100vw, 300px\" \/><br \/>\n1938<br \/>\nHochwasserkatastrophe &#8211; Die entlang des P\u00f6lsbaches von Unterzeiring\u00a0bis G\u00f6tzendorf bestehenden Br\u00fccken, Stege und Wehranlagen\u00a0wurden teilweise ganz weggerissen bzw. schwer besch\u00e4digt.<\/p>\n<p>1939<br \/>\nWirtschaftsgeb\u00e4udebrand bei P\u00f6llauer vlg. Schopf in Thaling.<\/p>\n<p><img decoding=\"async\" loading=\"lazy\" class=\"alignnone size-medium wp-image-135\" src=\"http:\/\/www.ff-goetzendorf.com\/wp-content\/uploads\/2018\/04\/1939Schopf-300x202.jpg\" alt=\"\" width=\"300\" height=\"202\" srcset=\"http:\/\/www.ff-goetzendorf.com\/wp-content\/uploads\/2018\/04\/1939Schopf-300x202.jpg 300w, http:\/\/www.ff-goetzendorf.com\/wp-content\/uploads\/2018\/04\/1939Schopf-120x80.jpg 120w, http:\/\/www.ff-goetzendorf.com\/wp-content\/uploads\/2018\/04\/1939Schopf.jpg 350w\" sizes=\"(max-width: 300px) 100vw, 300px\" \/><br \/>\nP\u00f6llauer vlg Schopf in Thaling<\/p>\n<p>1943<br \/>\nWohnhaus- und Wirtschaftsgeb\u00e4udebrand bei Edler vlg. Klampferer\u00a0in G\u00f6tzendorf.<\/p>\n<p>1946<br \/>\nUmbennenung des L\u00f6schzuges G\u00f6tzendorf in Freiwillige Feuerwehr\u00a0G\u00f6tzendorf. Engelbert Vogl vlg. Jaga f\u00fchrte die FF bis zum\u00a0Jahr 1985 als einer der l\u00e4ngstdienenden Feuerwehrkammeraden.\u00a0E-HBI Engelbert Vogl wurden seitens des Bundes- und Landesfeuerwehrverbandes\u00a0f\u00fcr sein verdienstvolles Wirken hohe Auszeichnungen zuerkannt.<\/p>\n<p><img decoding=\"async\" loading=\"lazy\" class=\"alignnone size-medium wp-image-138\" src=\"http:\/\/www.ff-goetzendorf.com\/wp-content\/uploads\/2018\/04\/EHBIVogl-229x300.jpg\" alt=\"\" width=\"229\" height=\"300\" srcset=\"http:\/\/www.ff-goetzendorf.com\/wp-content\/uploads\/2018\/04\/EHBIVogl-229x300.jpg 229w, http:\/\/www.ff-goetzendorf.com\/wp-content\/uploads\/2018\/04\/EHBIVogl.jpg 256w\" sizes=\"(max-width: 229px) 100vw, 229px\" \/><\/p>\n<p>1947<br \/>\nWirtschaftsgeb\u00e4udebrand bei K\u00f6ck vlg. Grundner in Mauterndorf.<br \/>\nDie angrenzenden Objekte konnten gerettet werden.<\/p>\n<p>1948<br \/>\nDurch Brand vernichtet wurde das Wirtschaftsgeb\u00e4ude bei Schaffer\u00a0vlg. Thomawirt sowie das Wohnhaus und Wirtschaftsgeb\u00e4ude bei\u00a0Vallant vlg. Barf\u00fcrst in G\u00f6tzendorf.<\/p>\n<p>1950<br \/>\nAnkauf der ersten Motorspritze. Marke DKW mit Einachstraktorh\u00e4nger.<\/p>\n<p><img decoding=\"async\" loading=\"lazy\" class=\"alignnone size-medium wp-image-136\" src=\"http:\/\/www.ff-goetzendorf.com\/wp-content\/uploads\/2018\/04\/1950Motorspritze-300x234.jpg\" alt=\"\" width=\"300\" height=\"234\" srcset=\"http:\/\/www.ff-goetzendorf.com\/wp-content\/uploads\/2018\/04\/1950Motorspritze-300x234.jpg 300w, http:\/\/www.ff-goetzendorf.com\/wp-content\/uploads\/2018\/04\/1950Motorspritze.jpg 341w\" sizes=\"(max-width: 300px) 100vw, 300px\" \/><br \/>\nFeierliche Einweihung der Motorspritze.<\/p>\n<p>1953<br \/>\nBeschlu\u00df \u00fcber geplanten R\u00fcsthausneubau. Laut Protokoll\u00a0der Jahreshauptversammlung ist ersichtlich, dass seitens der Gemeinde\u00a0eine finanzielle Unterst\u00fctzung nur begrenzt m\u00f6glich ist. Es\u00a0erfolgte daher die Bildung von Arbeitsgruppen aus den Reihen der Feuerwehrkameraden.\u00a0Der Baugrund wurde durch die Familie Berr vlg. Moar zur Verf\u00fcgung\u00a0gestellt. Die Bauzeit erstreckte sich bis zum Jahr 1960.\u00a0Als besonders anerkennenswert ist zu erw\u00e4hnen, dass die Bauarbeiten\u00a0fast zur G\u00e4nze durch die Wehrkameraden ausgef\u00fchrt wurden.<\/p>\n<p>1954<br \/>\nTraktorbrand bei Steinberger vlg. Gold in Mauterndorf.<\/p>\n<p>1955<br \/>\nWirtschaftsgeb\u00e4udebrand bei Hainzl vlg. Zechner in Oberkurzheim.<br \/>\nEs waren insgesamt 9 Feuerwehren unter dem Kommando des Bezirksfeuerwehrkommandanten\u00a0Josef Prugger im Einsatz. Der 2. Stadel konnte gerettet werden.<\/p>\n<p><img decoding=\"async\" loading=\"lazy\" class=\"alignnone size-medium wp-image-137\" src=\"http:\/\/www.ff-goetzendorf.com\/wp-content\/uploads\/2018\/04\/1955Hainzl-300x222.jpg\" alt=\"\" width=\"300\" height=\"222\" srcset=\"http:\/\/www.ff-goetzendorf.com\/wp-content\/uploads\/2018\/04\/1955Hainzl-300x222.jpg 300w, http:\/\/www.ff-goetzendorf.com\/wp-content\/uploads\/2018\/04\/1955Hainzl.jpg 339w\" sizes=\"(max-width: 300px) 100vw, 300px\" \/><\/p>\n<p>Bei\u00a0einem Mannschaftsstand von 23 Mann hatten im Laufe des Jahres, 17 Kameraden bei Bewerben, Leistungsabzeichen errungen.<\/p>\n<p>1956<br \/>\nWirtschaftsgeb\u00e4udebrand bei Johann Steinberger vlg. Rainbauer\u00a0in Mauterndorf. Die angrenzenden Objekte konnten gerettet werden.\u00a0Nachbarliche Hilfe von 2 Feuerwehren.<\/p>\n<p>1957<br \/>\nVon der FF P\u00f6ls-Ort wird das erste motorisierte Fahrzeug, ein\u00a0Mannschaftswagen mit 20 Sitzpl\u00e4tzen (Austro Fiat, Baujahr 1934)\u00a0gekauft.<br \/>\nDem raschen Einsatz der Feuerwehr ist zu verdanken, dass durch einen\u00a0Kaminbrand entstandene Feuer das Anwesen Schaffer vlg. Thomawirt in\u00a0G\u00f6tzendorf gerettet werden konnte.<br \/>\nDurch unsachgem\u00e4\u00dfes Abbrennen von Stauden entstand bei\u00a0Ertl vlg. Reicher in Oberkurzheim ein Kahlschlagbrand. Der angrenzende\u00a0Wald konnte gerettet werden.<\/p>\n<p>1958<br \/>\nDieselmotorbrand im S\u00e4gewerk Hasler in Katzling. Die Objekte\u00a0am Firmengel\u00e4nde sowie der Holzlagerplatz konnten gerettet werden.\u00a0Drei weitere Feuerwehren waren zur nachbarlichen Hilfe anwesend.\u00a0Der hochwasserf\u00fchrende Bodachbach wurde in sein urspr\u00fcngliches\u00a0Gerinne zur\u00fcckgeleitet, 3 Br\u00fccken abgetragen sowie der \u00fcberflutete\u00a0Stall bei Berr vlg. Moar in G\u00f6tzendorf ausgepumpt.<\/p>\n<p>1959<br \/>\nKaminbrand bei Franz Steinwidder vlg. Bartl in Katzling. Das Wohnhaus\u00a0konnte gerettet werden.\u00a0Die im Besitz des Stra\u00dfenbauamtes Judenburg befindliche Teerhitzungsanlage\u00a0vor Katzling wurde durch rasches L\u00f6schen gerettet.<\/p>\n<p>1960<br \/>\nFeierliche R\u00fcsthauseinweihung am 31. Juli sowie Durchf\u00fchrung\u00a0des 1. Bezirksfeuerwehrtages. An den Feierlichkeiten nahmen 15 Feuerwehrkameraden\u00a0mit insgesamt 156 Mann teil.<br \/>\nAls R\u00fcsthauspatinnen fungierten die Frauen Aloisia Ertl, Maria\u00a0P\u00f6llauer, Johanna Berr, Klara Kindi und Maria Reicher.<\/p>\n","protected":false},"excerpt":{"rendered":"<p>CHRONIK &#8211; Feuerwehr G\u00f6tzendorf 1887 bis 1960 1887 Laut Grundbuch wurde bereits im Jahr 1861 in der N\u00e4he des Anwesens\u00a0Schweiger in G\u00f6tzendorf das 1. R\u00fcsthaus errichtet sowie der\u00a0Anbau des Schlauchturmes im Jahr 1922. Es gibt bis zum Jahr 1887 keine\u00a0weiteren schriftlichen Aufzeichnungen. Nach dem noch vorhandenen Originalbrief\u00a0vom 22. Juli 1887<\/p>\n","protected":false},"author":1,"featured_media":0,"parent":17,"menu_order":0,"comment_status":"closed","ping_status":"closed","template":"","meta":{"footnotes":""},"_links":{"self":[{"href":"http:\/\/www.ff-goetzendorf.com\/index.php\/wp-json\/wp\/v2\/pages\/183"}],"collection":[{"href":"http:\/\/www.ff-goetzendorf.com\/index.php\/wp-json\/wp\/v2\/pages"}],"about":[{"href":"http:\/\/www.ff-goetzendorf.com\/index.php\/wp-json\/wp\/v2\/types\/page"}],"author":[{"embeddable":true,"href":"http:\/\/www.ff-goetzendorf.com\/index.php\/wp-json\/wp\/v2\/users\/1"}],"replies":[{"embeddable":true,"href":"http:\/\/www.ff-goetzendorf.com\/index.php\/wp-json\/wp\/v2\/comments?post=183"}],"version-history":[{"count":2,"href":"http:\/\/www.ff-goetzendorf.com\/index.php\/wp-json\/wp\/v2\/pages\/183\/revisions"}],"predecessor-version":[{"id":186,"href":"http:\/\/www.ff-goetzendorf.com\/index.php\/wp-json\/wp\/v2\/pages\/183\/revisions\/186"}],"up":[{"embeddable":true,"href":"http:\/\/www.ff-goetzendorf.com\/index.php\/wp-json\/wp\/v2\/pages\/17"}],"wp:attachment":[{"href":"http:\/\/www.ff-goetzendorf.com\/index.php\/wp-json\/wp\/v2\/media?parent=183"}],"curies":[{"name":"wp","href":"https:\/\/api.w.org\/{rel}","templated":true}]}}